{"id":11,"date":"2025-07-28T14:46:02","date_gmt":"2025-07-28T12:46:02","guid":{"rendered":"https:\/\/psicologianurialopez.es\/?page_id=11"},"modified":"2025-09-23T08:57:39","modified_gmt":"2025-09-23T06:57:39","slug":"politica-de-privacidad","status":"publish","type":"page","link":"https:\/\/psicologianurialopez.es\/en\/politica-de-privacidad\/","title":{"rendered":"Pol\u00edtica de privacidad"},"content":{"rendered":"<p><strong>RESPONSABLE DEL TRATAMIENTO<\/strong><\/p>\n\n\n\n<p>El Responsable del Tratamiento es NURIA L\u00d3PEZ MARCOS, C. De La Cruz, 29 B, 28850, Torrej\u00f3n de Ardoz (MADRID).<\/p>\n\n\n\n<p><strong>Principios de privacidad<\/strong><\/p>\n\n\n\n<p>Desde NURIA L\u00d3PEZ MARCOS nos comprometemos con usted a trabajar continuamente para garantizar la privacidad en el tratamiento de sus datos personales, y para ofrecerle en cada momento la informaci\u00f3n m\u00e1s completa y clara que podamos. Le animamos a leer detenidamente esta secci\u00f3n antes de facilitarnos sus datos personales.<br>Si usted es menor de catorce a\u00f1os le rogamos que no nos facilite sus datos sin consentimiento de sus padres.<br>En este apartado le informamos de c\u00f3mo tratamos los datos de las personas que tienen relaci\u00f3n con nuestra organizaci\u00f3n. Empezando por nuestros principios:<br>\u2013 No solicitamos informaci\u00f3n personal, a no ser que sea necesaria para prestarle los servicios que nos requiera.<br>\u2013 Nunca compartimos informaci\u00f3n personal con nadie, excepto para cumplir la ley, sea necesario<\/p>\n\n\n\n<p>para prestarle el servicio o contemos con su autorizaci\u00f3n expresa.<br>\u2013 Nunca utilizaremos sus datos personales para finalidades distintas a las expresadas en la presente pol\u00edtica de privacidad.<br>\u2013 Sus datos siempre ser\u00e1n tratados con un nivel de protecci\u00f3n adecuado a la legislaci\u00f3n en materia de protecci\u00f3n de datos, y no los someteremos a decisiones automatizadas sin informarle expresamente.<\/p>\n\n\n\n<p><strong>Categor\u00edas de Datos:<\/strong>&nbsp;Nombre y apellidos, direcci\u00f3n, firma y tel\u00e9fono.<\/p>\n\n\n\n<p><strong>Categor\u00edas de Destinatarios:<\/strong>&nbsp;Los datos personales podr\u00e1n ser comunicados a la Autoridad de Control (Agencia Espa\u00f1ola de Protecci\u00f3n de Datos) en el marco de una investigaci\u00f3n por tutela de derechos iniciada por el interesado.<\/p>\n\n\n\n<p><strong>Transferencias Internacionales:<\/strong>&nbsp;No est\u00e1n previstas transferencias internacionales de los datos.<\/p>\n\n\n\n<p><strong>Plazo de Supresi\u00f3n:<\/strong>&nbsp;Se conservar\u00e1n durante un plazo de cinco a\u00f1os desde el momento de la solicitud.<\/p>\n\n\n\n<p><strong>Medidas de Seguridad:<\/strong>&nbsp;Adaptadas a las exigencias del Reglamento (EU) 2016\/679, Reglamento General de Protecci\u00f3n de Datos.<\/p>\n\n\n\n<p><strong>TRATAMIENTO DE HISTORIALES CL\u00cdNICOS<\/strong><\/p>\n\n\n\n<p><strong>Base Jur\u00eddica:<\/strong>&nbsp;RGPD: 6.1.b) Tratamiento necesario para la ejecuci\u00f3n de un contrato en el que el interesado es parte o para la aplicaci\u00f3n a petici\u00f3n de \u00e9ste de medidas precontractuales.<\/p>\n\n\n\n<p><strong>Fines del Tratamiento:<\/strong>&nbsp;Gestionar los datos de salud (Historial cl\u00ednico) de los pacientes, para realizar diagn\u00f3sticos y seguir tratamientos terap\u00e9uticos.<\/p>\n\n\n\n<p><strong>Colectivo:<\/strong>&nbsp;Pacientes<\/p>\n\n\n\n<p><strong>Categor\u00edas de Datos:<\/strong>&nbsp;\u2013 Nombre y apellidos, DNI\/NIF\/Documento identificativo, direcci\u00f3n, firma y tel\u00e9fono.<\/p>\n\n\n\n<p>\u2013 Datos de Salud<\/p>\n\n\n\n<p><strong>Categor\u00edas de Destinatarios:<\/strong>&nbsp;Administraci\u00f3n p\u00fablica con competencias en sanidad<\/p>\n\n\n\n<p><strong>Transferencias Internacionales:<\/strong>&nbsp;No est\u00e1n previstas transferencias internacionales de los datos.<\/p>\n\n\n\n<p><strong>Plazo de Supresi\u00f3n:<\/strong>&nbsp;Se conservar\u00e1n durante el tiempo necesario para cumplir con la finalidad para la que se recabaron y para determinar las posibles responsabilidades que se pudieran derivar de dicha finalidad y del tratamiento de los datos.<\/p>\n\n\n\n<p><strong>Medidas de Seguridad:<\/strong>&nbsp;Adaptadas a las exigencias del Reglamento (EU) 2016\/679, Reglamento General de Protecci\u00f3n de Datos.<\/p>\n\n\n\n<p><strong>SUS DERECHOS<\/strong><\/p>\n\n\n\n<p>&nbsp;Tiene derecho a solicitarnos una copia de sus datos personales, a rectificar los datos inexactos o completarlos si estuvieren incompletos, o en su caso suprimirlos, cuando ya no sean necesarios para los fines para los que fueron recogidos.<\/p>\n\n\n\n<p>&nbsp;Tambi\u00e9n tiene derecho a limitar el tratamiento de sus datos personales y a obtener sus datos personales en un formato estructurado y legible.<\/p>\n\n\n\n<p>&nbsp;Puede oponerse al tratamiento de sus datos personales en algunas circunstancias (en particular, cuando no tengamos que procesarlos para cumplir con un requisito contractual u otro requisito legal, o cuando el objeto del tratamiento sea el marketing directo).<\/p>\n\n\n\n<p>&nbsp;Cuando nos haya otorgado su consentimiento, podr\u00e1 retirarlo en cualquier momento. En ese momento dejaremos de tratar sus datos o, en su caso, dejaremos de hacerlo para esa finalidad en concreto. Si decide retirar su consentimiento, esto no afectar\u00e1 a ning\u00fan tratamiento que haya tenido lugar mientras su consentimiento estaba vigente.<\/p>\n\n\n\n<p>&nbsp;Estos derechos podr\u00e1n verse limitados; por ejemplo si para cumplir su solicitud tuvi\u00e9semos que revelar datos sobre otra persona, o si nos solicita que eliminemos algunos registros que estamos obligados a mantener por una obligaci\u00f3n legal o por un inter\u00e9s leg\u00edtimo, como pueda ser el ejercicio de defensa ante reclamaciones. O incluso en aquellos casos donde debe prevalecer el derecho a la libertad de expresi\u00f3n e informaci\u00f3n.<\/p>\n\n\n\n<p>&nbsp;Puede contactar con nosotros por cualquiera de los medios indicados en el apartado Responsable del Tratamiento de esta pol\u00edtica de privacidad, aportando una copia de un documento que acredite su identidad (normalmente el DNI).<\/p>\n\n\n\n<p>&nbsp;Otro de sus derechos es el de no ser objeto de una decisi\u00f3n basada \u00fanicamente en un tratamiento<\/p>\n\n\n\n<p><strong>TRATAMIENTO DE PROVEEDORES<\/strong><\/p>\n\n\n\n<p><strong>Base Jur\u00eddica:<\/strong>&nbsp;RGPD: 6.1.b) Tratamiento necesario para la ejecuci\u00f3n de un contrato en el que el interesado es parte o para la aplicaci\u00f3n a petici\u00f3n de \u00e9ste de medidas precontractuales.<\/p>\n\n\n\n<p>RGPD: 6.1.c) Tratamiento necesario para el cumplimiento de una obligaci\u00f3n legal aplicable al responsable del tratamiento.<\/p>\n\n\n\n<p>Real Decreto Legislativo 2\/2015, de 23 de octubre, por el que se aprueba el texto refundido de la Ley del Estatuto de los Trabajadores.<\/p>\n\n\n\n<p>Ley 58\/2003, de 17 de diciembre, General Tributaria.<\/p>\n\n\n\n<p><strong>Fines del Tratamiento:<\/strong>&nbsp;\u2013 Adquisici\u00f3n de productos y\/o servicios que necesitamos para el desarrollo de nuestra actividad.<\/p>\n\n\n\n<p>\u2013 Control de los subcontratistas si procede.<\/p>\n\n\n\n<p><strong>Colectivo:<\/strong>&nbsp;\u2013 Proveedores.<\/p>\n\n\n\n<p>\u2013 Personas que trabajan para nuestros proveedores.<\/p>\n\n\n\n<p><strong>Categor\u00edas de Datos:<\/strong>&nbsp;\u2013 Nombre y apellidos, DNI\/NIF\/Documento identificativo, direcci\u00f3n, firma y tel\u00e9fono.<\/p>\n\n\n\n<p>\u2013 Datos de detalle de empleo: puesto de trabajo. Formaci\u00f3n en seguridad laboral.<\/p>\n\n\n\n<p>\u2013 Datos econ\u00f3mico financieros y de seguros: Datos bancarios.<\/p>\n\n\n\n<p><strong>Categor\u00edas de Destinatarios:<\/strong>&nbsp;\u2013 Entidades financieras. (Pago de facturas)<\/p>\n\n\n\n<p>\u2013 Agencia Estatal de Administraci\u00f3n Tributaria.<\/p>\n\n\n\n<p><strong>Transferencias Internacionales:<\/strong>&nbsp;No est\u00e1n previstas transferencias internacionales de los datos.<\/p>\n\n\n\n<p><strong>Plazo de Supresi\u00f3n:<\/strong>&nbsp;Se conservar\u00e1n durante el tiempo necesario para cumplir con la finalidad para la que se recabaron y para determinar las posibles responsabilidades que se pudieran derivar de dicha finalidad y del tratamiento de los datos, conforme a la Ley 58\/2003, de 17 de diciembre, General Tributaria,<\/p>\n\n\n\n<p><strong>Medidas de Seguridad:<\/strong>&nbsp;Adaptadas a las exigencias del Reglamento (EU) 2016\/679, Reglamento General de Protecci\u00f3n de Datos.<\/p>\n\n\n\n<p><strong>TRATAMIENTO DE NOTIFICACI\u00d3N DE BRECHAS DE SEGURIDAD<\/strong><\/p>\n\n\n\n<p><strong>Base Jur\u00eddica:<\/strong>&nbsp;RGPD: 6.1.c) Tratamiento necesario para el cumplimiento de una obligaci\u00f3n legal aplicable al responsable del tratamiento.<\/p>\n\n\n\n<p>Reglamento General de Protecci\u00f3n de Datos. Art\u00edculos 33 y 34<\/p>\n\n\n\n<p><strong>Fines del Tratamiento:<\/strong>&nbsp;Gesti\u00f3n y evaluaci\u00f3n de las brechas de seguridad que se produjeren en nuestra organizaci\u00f3n.<\/p>\n\n\n\n<p><strong>Colectivo:<\/strong>&nbsp;Variable: Empleados, Clientes, Proveedores, Personas de Contacto (depender\u00e1 de la brecha de seguridad)<\/p>\n\n\n\n<p><strong>Categor\u00edas de Datos:<\/strong>&nbsp;Variable. (Depender\u00e1 de la brecha de seguridad)<\/p>\n\n\n\n<p><strong>Categor\u00edas de Destinatarios:<\/strong>&nbsp;\u2013 Agencia Espa\u00f1ola de Protecci\u00f3n de Datos.<\/p>\n\n\n\n<p>\u2013 Fuerzas y Cuerpos de Seguridad del Estado.<\/p>\n\n\n\n<p><strong>Transferencias Internacionales:<\/strong>&nbsp;No est\u00e1n previstas transferencias internacionales de los datos.<\/p>\n\n\n\n<p><strong>Plazo de Supresi\u00f3n:<\/strong>&nbsp;Se conservar\u00e1n durante el tiempo necesario para cumplir con la finalidad para la que se recabaron y para determinar las posibles responsabilidades que se pudieran derivar de dicha finalidad y del tratamiento de los datos. Ser\u00e1 de aplicaci\u00f3n lo dispuesto en la normativa de archivos y documentaci\u00f3n.<\/p>\n\n\n\n<p><strong>Medidas de Seguridad:<\/strong>&nbsp;Adaptadas a las exigencias del Reglamento (EU) 2016\/679, Reglamento General de Protecci\u00f3n de Datos.<\/p>\n\n\n\n<p><strong>TRATAMIENTO DE ATENCI\u00d3N DERECHOS DE LAS PERSONAS (ARCO)<\/strong><\/p>\n\n\n\n<p><strong>Base Jur\u00eddica:<\/strong>&nbsp;RGPD: 6.1.c) Tratamiento necesario para el cumplimiento de una obligaci\u00f3n legal aplicable al responsable del tratamiento.<\/p>\n\n\n\n<p>Reglamento General de Protecci\u00f3n de Datos.<\/p>\n\n\n\n<p><strong>Fines del Tratamiento:<\/strong>&nbsp;Atender las solicitudes en el ejercicio de los derechos que establece el Reglamento General de Protecci\u00f3n de Datos: Derecho de acceso, recificaci\u00f3n, supresi\u00f3n, limitaci\u00f3n, portabilidad y oposici\u00f3n a la toma de decisiones automatizadas.<\/p>\n\n\n\n<p><strong>Colectivo:<\/strong>&nbsp;Personas f\u00edsicas que lo solicitan (empleados, clientes, proveedores, personas de contacto)<\/p>\n\n\n\n<p><br>La presente pol\u00edtica de privacidad la hemos redactado teniendo en cuenta las exigencias de la actual legislaci\u00f3n de protecci\u00f3n de datos:<br>\u2013 Reglamento (UE) 2016\/679 del Parlamento Europeo y del Consejo de 27 de abril de 2016 relativo a la protecci\u00f3n de las personas f\u00edsicas (RGPD).<br>\u2013 Ley Org\u00e1nica 3\/2018, de 5 de diciembre, de Protecci\u00f3n de Datos de Car\u00e1cter Personal y garant\u00eda de los derechos digitales (LOPD).<br>\u2013 Real Decreto 1720\/2007, de 21 de diciembre (RLOPD).<br><br>Esta pol\u00edtica de privacidad est\u00e1 redactada con fecha 6 de diciembre de 2018.<br>Con motivo de la modificaci\u00f3n de criterios de tratamiento, en aras de facilitar su comprensi\u00f3n o de adaptarla a la legalidad vigente, es posible que modifiquemos la presente pol\u00edtica de privacidad. Actualizaremos la fecha de la misma, para que usted pueda comprobar su vigencia.<\/p>\n\n\n\n<p><br><br><strong>TRATAMIENTOS QUE REALIZAMOS<\/strong><\/p>\n\n\n\n<p>&nbsp;<strong>TRATAMIENTO DE CONTACTOS<\/strong><\/p>\n\n\n\n<p><strong>Base Jur\u00eddica:<\/strong>&nbsp;Consentimiento del interesado<\/p>\n\n\n\n<p><strong>Fines del Tratamiento:<\/strong>&nbsp;Atender su solicitud, enviarle informaci\u00f3n y realizar un seguimiento de la solicitud.<\/p>\n\n\n\n<p><strong>Colectivo:<\/strong>&nbsp;Personas de contacto, clientes, proveedores<\/p>\n\n\n\n<p><strong>Categor\u00edas de Datos:<\/strong>&nbsp;Nombre y apellidos, tel\u00e9fono, direcci\u00f3n de email<\/p>\n\n\n\n<p><strong>Categor\u00edas de Destinatarios:<\/strong>&nbsp;No se contemplan cesiones de datos a terceros.<\/p>\n\n\n\n<p><strong>Transferencias Internacionales:<\/strong>&nbsp;No est\u00e1n previstas transferencias internacionales de los datos.<\/p>\n\n\n\n<p><strong>Plazo de Supresi\u00f3n:<\/strong>&nbsp;Los datos de contacto se conservar\u00e1n por un periodo indefinido, o hasta que el interesado solicite su supresi\u00f3n.<\/p>\n\n\n\n<p><strong>Medidas de Seguridad:<\/strong>&nbsp;Adaptadas a las exigencias del Reglamento (EU) 2016\/679, Reglamento General de Protecci\u00f3n de Datos.<\/p>\n\n\n\n<p><strong>TRATAMIENTO DE CANDIDATOS PROCESOS DE SELECCI\u00d3N (RRHH)<\/strong><\/p>\n\n\n\n<p><strong>Base Jur\u00eddica:<\/strong>&nbsp;RGPD 6.1.a) El interesado dio su consentimiento para el tratamiento de sus datos personales para uno o varios fines espec\u00edficos.<\/p>\n\n\n\n<p>RGPD: 6.1.b) Tratamiento necesario para la ejecuci\u00f3n de un contrato en el que el interesado es parte o para la aplicaci\u00f3n a petici\u00f3n de este de medidas precontractuales.<\/p>\n\n\n\n<p><strong>Fines del Tratamiento:<\/strong>&nbsp;Selecci\u00f3n de personal y provisi\u00f3n de puestos de trabajo.<\/p>\n\n\n\n<p><strong>Colectivo:<\/strong>&nbsp;Candidatos presentados a procedimientos de provisi\u00f3n de puestos de trabajo.<\/p>\n\n\n\n<p><strong>Categor\u00edas de Datos:<\/strong>&nbsp;\u2013 Nombre y apellidos, DNI\/CIF\/Documento identificativo, n\u00famero de registro de personal, direcci\u00f3n, firma y tel\u00e9fono.<\/p>\n\n\n\n<p>\u2013 Datos de caracter\u00edsticas personales: Sexo, estado civil, nacionalidad, edad, fecha y lugar de nacimiento y datos familiares.<\/p>\n\n\n\n<p>\u2013 Datos acad\u00e9micos y profesionales: Titulaciones, formaci\u00f3n y experiencia profesional.<\/p>\n\n\n\n<p>\u2013 Datos de detalle de empleo.<\/p>\n\n\n\n<p><strong>Categor\u00edas de Destinatarios:<\/strong>&nbsp;No est\u00e1n previstas cesiones de datos a terceros.<\/p>\n\n\n\n<p><strong>Transferencias Internacionales:<\/strong>&nbsp;No est\u00e1n previstas transferencias internacionales de los datos.<\/p>\n\n\n\n<p><strong>Plazo de Supresi\u00f3n:<\/strong>&nbsp;Se conservar\u00e1n durante el tiempo necesario para cumplir con la finalidad para la que se recabaron y para determinar las posibles responsabilidades que se pudieran derivar de dicha finalidad y del tratamiento de los datos.<\/p>\n\n\n\n<p><strong>Medidas de Seguridad:<\/strong>&nbsp;Adaptadas a las exigencias del Reglamento (EU) 2016\/679, Reglamento General de Protecci\u00f3n de Datos.<\/p>\n\n\n\n<p><strong>Categor\u00edas de Datos:<\/strong>&nbsp;Nombre y apellidos, direcci\u00f3n, firma y tel\u00e9fono.<\/p>\n\n\n\n<p><strong>Categor\u00edas de Destinatarios:<\/strong>&nbsp;Los datos personales podr\u00e1n ser comunicados a la Autoridad de Control (Agencia Espa\u00f1ola de Protecci\u00f3n de Datos) en el marco de una investigaci\u00f3n por tutela de derechos iniciada por el interesado.<\/p>\n\n\n\n<p><strong>Transferencias Internacionales:<\/strong>&nbsp;No est\u00e1n previstas transferencias internacionales de los datos.<\/p>\n\n\n\n<p><strong>Plazo de Supresi\u00f3n:<\/strong>&nbsp;Se conservar\u00e1n durante un plazo de cinco a\u00f1os desde el momento de la solicitud.<\/p>\n\n\n\n<p><strong>Medidas de Seguridad:<\/strong>&nbsp;Adaptadas a las exigencias del Reglamento (EU) 2016\/679, Reglamento General de Protecci\u00f3n de Datos.<\/p>\n\n\n\n<p><strong>TRATAMIENTO DE HISTORIALES CL\u00cdNICOS<\/strong><\/p>\n\n\n\n<p><strong>Base Jur\u00eddica:<\/strong>&nbsp;RGPD: 6.1.b) Tratamiento necesario para la ejecuci\u00f3n de un contrato en el que el interesado es parte o para la aplicaci\u00f3n a petici\u00f3n de \u00e9ste de medidas precontractuales.<\/p>\n\n\n\n<p><strong>Fines del Tratamiento:<\/strong>&nbsp;Gestionar los datos de salud (Historial cl\u00ednico) de los pacientes, para realizar diagn\u00f3sticos y seguir tratamientos terap\u00e9uticos.<\/p>\n\n\n\n<p><strong>Colectivo:<\/strong>&nbsp;Pacientes<\/p>\n\n\n\n<p><strong>Categor\u00edas de Datos:<\/strong>&nbsp;\u2013 Nombre y apellidos, DNI\/NIF\/Documento identificativo, direcci\u00f3n, firma y tel\u00e9fono.<\/p>\n\n\n\n<p>\u2013 Datos de Salud<\/p>\n\n\n\n<p><strong>Categor\u00edas de Destinatarios:<\/strong>&nbsp;Administraci\u00f3n p\u00fablica con competencias en sanidad<\/p>\n\n\n\n<p><strong>Transferencias Internacionales:<\/strong>&nbsp;No est\u00e1n previstas transferencias internacionales de los datos.<\/p>\n\n\n\n<p><strong>Plazo de Supresi\u00f3n:<\/strong>&nbsp;Se conservar\u00e1n durante el tiempo necesario para cumplir con la finalidad para la que se recabaron y para determinar las posibles responsabilidades que se pudieran derivar de dicha finalidad y del tratamiento de los datos.<\/p>\n\n\n\n<p><strong>Medidas de Seguridad:<\/strong>&nbsp;Adaptadas a las exigencias del Reglamento (EU) 2016\/679, Reglamento General de Protecci\u00f3n de Datos.<\/p>\n\n\n\n<h3 class=\"wp-block-heading\"><strong>SUS DERECHOS<\/strong><\/h3>\n\n\n\n<p>&nbsp;Tiene derecho a solicitarnos una copia de sus datos personales, a rectificar los datos inexactos o completarlos si estuvieren incompletos, o en su caso suprimirlos, cuando ya no sean necesarios para los fines para los que fueron recogidos.<\/p>\n\n\n\n<p>&nbsp;Tambi\u00e9n tiene derecho a limitar el tratamiento de sus datos personales y a obtener sus datos personales en un formato estructurado y legible.<\/p>\n\n\n\n<p>&nbsp;Puede oponerse al tratamiento de sus datos personales en algunas circunstancias (en particular, cuando no tengamos que procesarlos para cumplir con un requisito contractual u otro requisito legal, o cuando el objeto del tratamiento sea el marketing directo).<\/p>\n\n\n\n<p>&nbsp;Cuando nos haya otorgado su consentimiento, podr\u00e1 retirarlo en cualquier momento. En ese momento dejaremos de tratar sus datos o, en su caso, dejaremos de hacerlo para esa finalidad en concreto. Si decide retirar su consentimiento, esto no afectar\u00e1 a ning\u00fan tratamiento que haya tenido lugar mientras su consentimiento estaba vigente.<\/p>\n\n\n\n<p>&nbsp;Estos derechos podr\u00e1n verse limitados; por ejemplo si para cumplir su solicitud tuvi\u00e9semos que revelar datos sobre otra persona, o si nos solicita que eliminemos algunos registros que estamos obligados a mantener por una obligaci\u00f3n legal o por un inter\u00e9s leg\u00edtimo, como pueda ser el ejercicio de defensa ante reclamaciones. O incluso en aquellos casos donde debe prevalecer el derecho a la libertad de expresi\u00f3n e informaci\u00f3n.<\/p>\n\n\n\n<p>&nbsp;Puede contactar con nosotros por cualquiera de los medios indicados en el apartado Responsable del Tratamiento de esta pol\u00edtica de privacidad, aportando una copia de un documento que acredite su identidad (normalmente el DNI).<\/p>\n\n\n\n<p>Otro de sus derechos es el de no ser objeto de una decisi\u00f3n basada \u00fanicamente en un tratamiento automatizado, incluida la elaboraci\u00f3n de perfiles que produzca efectos jur\u00eddicos o le afecte.<\/p>\n\n\n\n<p>&nbsp;Frente a cualquier vulneraci\u00f3n de sus derechos, como, por ejemplo, que no hayamos atendido su solicitud, tiene derecho a presentar una reclamaci\u00f3n ante la Autoridad de Control en materia de protecci\u00f3n de datos. Esta puede ser la de su pa\u00eds (si usted vive fuera de Espa\u00f1a) o la Agencia Espa\u00f1ola de Protecci\u00f3n de Datos (si usted vive en Espa\u00f1a).<\/p>\n\n\n\n<p><strong>Enlaces a sitios web de terceros.<\/strong><\/p>\n\n\n\n<p>Nuestro sitio web puede, en algunas ocasiones, contener enlaces hacia otros sitios web. Es su responsabilidad asegurarse de leer la pol\u00edtica de protecci\u00f3n de datos y las condiciones legales que se apliquen a cada sitio.<\/p>\n\n\n\n<p><strong>Datos de terceros.<\/strong><\/p>\n\n\n\n<p>Si usted nos facilita datos de terceros, asume la responsabilidad de informarles previamente seg\u00fan lo establecido en el art\u00edculo 14 del RGPD.<\/p>","protected":false},"excerpt":{"rendered":"<p>RESPONSABLE DEL TRATAMIENTO El Responsable del Tratamiento es NURIA L\u00d3PEZ MARCOS, C. De La Cruz, 29 B, 28850, Torrej\u00f3n de Ardoz (MADRID). Principios de privacidad Desde NURIA L\u00d3PEZ MARCOS nos comprometemos con usted a trabajar continuamente para garantizar la privacidad en el tratamiento de sus datos personales, y para ofrecerle en cada momento la informaci\u00f3n [&hellip;]<\/p>\n","protected":false},"author":2,"featured_media":0,"parent":0,"menu_order":0,"comment_status":"closed","ping_status":"closed","template":"","meta":{"footnotes":""},"class_list":["post-11","page","type-page","status-publish","hentry"],"_links":{"self":[{"href":"https:\/\/psicologianurialopez.es\/en\/wp-json\/wp\/v2\/pages\/11","targetHints":{"allow":["GET"]}}],"collection":[{"href":"https:\/\/psicologianurialopez.es\/en\/wp-json\/wp\/v2\/pages"}],"about":[{"href":"https:\/\/psicologianurialopez.es\/en\/wp-json\/wp\/v2\/types\/page"}],"author":[{"embeddable":true,"href":"https:\/\/psicologianurialopez.es\/en\/wp-json\/wp\/v2\/users\/2"}],"replies":[{"embeddable":true,"href":"https:\/\/psicologianurialopez.es\/en\/wp-json\/wp\/v2\/comments?post=11"}],"version-history":[{"count":3,"href":"https:\/\/psicologianurialopez.es\/en\/wp-json\/wp\/v2\/pages\/11\/revisions"}],"predecessor-version":[{"id":731,"href":"https:\/\/psicologianurialopez.es\/en\/wp-json\/wp\/v2\/pages\/11\/revisions\/731"}],"wp:attachment":[{"href":"https:\/\/psicologianurialopez.es\/en\/wp-json\/wp\/v2\/media?parent=11"}],"curies":[{"name":"wp","href":"https:\/\/api.w.org\/{rel}","templated":true}]}}